{"id":655,"date":"2021-12-27T18:24:59","date_gmt":"2021-12-27T17:24:59","guid":{"rendered":"https:\/\/christmas-star.info\/?page_id=655"},"modified":"2025-12-22T07:47:10","modified_gmt":"2025-12-22T06:47:10","slug":"producers","status":"publish","type":"page","link":"https:\/\/sfe-trade.com\/hu\/producers\/","title":{"rendered":"Termeszt\u0151k"},"content":{"rendered":"<div class=\"wpb-content-wrapper\"><p>[vc_row][vc_column][vc_custom_heading text=&#8221;Seg\u00edt\u00fcnk a mikul\u00e1svir\u00e1g elad\u00e1sainak n\u00f6vel\u00e9s\u00e9ben&#8221; font_container=&#8221;tag:h2|text_align:center&#8221; use_theme_fonts=&#8221;yes&#8221; el_class=&#8221;pfe-small2&#8243; el_id=&#8221;segitunk-a-mikulasvirag&#8221;][vc_column_text]<\/p>\n<p style=\"text-align: center;\">Nagyszab\u00e1s\u00fa PR- \u00e9s marketingkamp\u00e1nyainkkal minden \u00e9vben fogyaszt\u00f3k milli\u00f3it \u00e9rj\u00fck el, \u00e9s k\u00f6zvetlen\u00fcl a v\u00e9gfelhaszn\u00e1l\u00f3knak n\u00e9pszer\u0171s\u00edtj\u00fck az \u00d6n term\u00e9k\u00e9t. Ezen az oldalon t\u00f6bbet megtudhat arr\u00f3l, mit tesz\u00fcnk az \u00d6n munk\u00e1j\u00e1nak seg\u00edt\u00e9s\u00e9re. Elmondjuk azt is, hogyan profit\u00e1lhat szem\u00e9lyesen a munk\u00e1nkb\u00f3l: ak\u00e1r sajt\u00f3interj\u00fakhoz felk\u00e9rt szak\u00e9rt\u0151k\u00e9nt, ak\u00e1r fot\u00f3ink, \u00edrott tartalmaink \u00e9s vide\u00f3ink felhaszn\u00e1l\u00e1s\u00e1val.<\/p>\n<p>[\/vc_column_text][\/vc_column][\/vc_row][vc_row el_class=&#8221;pfe-flexibel-abstand&#8221;][vc_column][vc_empty_space height=&#8221;50px&#8221;][\/vc_column][\/vc_row][vc_row][vc_column width=&#8221;1\/2&#8243;][vc_single_image image=&#8221;5164&#8243; img_size=&#8221;full&#8221;][\/vc_column][vc_column width=&#8221;1\/2&#8243;][vc_custom_heading text=&#8221;\u00d6szt\u00f6n\u00f6zz\u00fck a fogyaszt\u00f3kat&#8221; use_theme_fonts=&#8221;yes&#8221; el_class=&#8221;pfe-small2&#8243;][vc_column_text]Sz\u00e9lesk\u00f6r\u0171 fogyaszt\u00f3i kamp\u00e1nyunk a mikul\u00e1svir\u00e1g el\u0151nyeinek megismertet\u00e9s\u00e9re \u00e9s n\u00e9pszer\u0171s\u00edt\u00e9s\u00e9re valamint a tudatoss\u00e1g n\u00f6vel\u00e9s\u00e9re \u00f6sszpontos\u00edt, \u00e9s c\u00e9lja, hogy min\u00e9l t\u00f6bb embert motiv\u00e1ljon a n\u00f6v\u00e9nyek megv\u00e1s\u00e1rl\u00e1s\u00e1ra.<br \/>\nSeg\u00edts\u00e9g\u00fcnkkel a mikul\u00e1svir\u00e1g t\u00e9v\u00e9k\u00e9perny\u0151k\u00f6n \u00e9s r\u00e1di\u00f3ad\u00e1sokban szerepel, ismert magazinokb\u00f3l k\u00f6sz\u00f6n vissza \u00e9s fesztiv\u00e1lokon, rendezv\u00e9nyeken t\u00fcnd\u00f6k\u00f6l, mik\u00f6zben influenszerekkel \u00e9p\u00edt\u00fcnk ki kapcsolatokat.<\/p>\n<p>Amennyiben k\u00edv\u00e1ncsi, eddig milyen eredm\u00e9nyeket \u00e9rt\u00fcnk el Magyarorsz\u00e1gon kamp\u00e1nyainkkal, olvassa el a kor\u00e1bbi \u00e9vekre vonatkoz\u00f3 besz\u00e1mol\u00f3inkat, vagy iratkozzon fel h\u00edrlevel\u00fcnkre![\/vc_column_text][vc_column_text]<a href=\"https:\/\/mailchi.mp\/7c03187f3781\/starsforeurope\">Feliratkozom a h\u00edrlev\u00e9lre &gt;&gt;<\/a>[\/vc_column_text][\/vc_column][\/vc_row][vc_row el_class=&#8221;pfe-flexibel-abstand&#8221;][vc_column][vc_empty_space height=&#8221;50px&#8221;][\/vc_column][\/vc_row][vc_row][vc_column width=&#8221;1\/2&#8243;][vc_custom_heading text=&#8221;Egy\u00fcttm\u0171k\u00f6d\u00e9si lehet\u0151s\u00e9gek&#8221; use_theme_fonts=&#8221;yes&#8221; el_class=&#8221;pfe-small2&#8243;][vc_column_text]Lehet\u0151s\u00e9get biztos\u00edtunk a termel\u0151k sz\u00e1m\u00e1ra, hogy akt\u00edvan r\u00e9szt vegyenek az SfE kamp\u00e1nyaiban, \u00e9s ez\u00e1ltal \u00faj lehet\u0151s\u00e9ghez f\u00e9rhessenek hozz\u00e1.<br \/>\nAmennyiben sz\u00edvesen viszontl\u00e1tn\u00e1 kert\u00e9szet\u00e9t a telev\u00edzi\u00f3ban vagy adna interj\u00fat helyi r\u00e1di\u00f3ban; ha szeretn\u00e9, hogy n\u00f6v\u00e9nyeit a vil\u00e1g vezet\u0151 kert\u00e9szeti ki\u00e1ll\u00edt\u00e1sain mutatn\u00e1k be, \u00e9s \u00e9p\u00edtene kapcsolatot az ipar\u00e1g kucsfontoss\u00e1g\u00fa szerepl\u0151ivel, keressen benn\u00fcnket bizalommal.<br \/>\nMindig \u00f6r\u00f6mmel \u00e1llunk rendelkez\u00e9sre, hogy seg\u00edts\u00fck a termeszt\u0151k munk\u00e1j\u00e1t![\/vc_column_text][vc_column_text]<a href=\"\/hu\/kapcsolat\/\">Kapcsolatfelv\u00e9tel a magyarorsz\u00e1gi SfE-irod\u00e1val &gt;&gt;<\/a>[\/vc_column_text][\/vc_column][vc_column width=&#8221;1\/2&#8243;][vc_single_image image=&#8221;5119&#8243; img_size=&#8221;full&#8221;][\/vc_column][\/vc_row][vc_row el_class=&#8221;pfe-flexibel-abstand&#8221;][vc_column][vc_empty_space height=&#8221;50px&#8221;][\/vc_column][\/vc_row][vc_row][vc_column width=&#8221;1\/2&#8243;][vc_single_image image=&#8221;5123&#8243; img_size=&#8221;full&#8221;][\/vc_column][vc_column width=&#8221;1\/2&#8243;][vc_custom_heading text=&#8221;Eszk\u00f6z\u00f6k az \u00fcgyfelek sz\u00e1m\u00e1ra&#8221; use_theme_fonts=&#8221;yes&#8221; el_class=&#8221;pfe-small2&#8243;][vc_column_text]Kamp\u00e1nyunk seg\u00edts\u00e9g\u00e9vel tov\u00e1bbi t\u00e1mogat\u00e1st ny\u00fajthat v\u00e1s\u00e1rl\u00f3i \u00e9s ipar\u00e1gi partnerei sz\u00e1m\u00e1ra. Sz\u00e1mos olyan eszk\u00f6zt k\u00edn\u00e1lunk, amelyekkel seg\u00edtheti kiskereskedelmi \u00fcgyfeleit, mint p\u00e9ld\u00e1ul: marketing tan\u00e1csad\u00e1s, vide\u00f3s tartalmak, prom\u00f3ci\u00f3s anyagok valamint egy fot\u00f3gy\u0171jtem\u00e9ny is. Haszn\u00e1lja \u00e9s ossza meg \u0151ket \u00fcgyfeleivel, v\u00e1s\u00e1rl\u00f3ival![\/vc_column_text][vc_column_text]<a href=\"\/hu\/kiskereskedok\/\">Eszk\u00f6z\u00f6k kiskeresked\u0151k sz\u00e1m\u00e1ra &gt;&gt;<\/a>[\/vc_column_text][\/vc_column][\/vc_row][vc_row disable_element=&#8221;yes&#8221; el_class=&#8221;pfe-flexibel-abstand&#8221;][vc_column][vc_empty_space height=&#8221;50px&#8221;][\/vc_column][\/vc_row][vc_row disable_element=&#8221;yes&#8221;][vc_column width=&#8221;1\/2&#8243;][vc_custom_heading text=&#8221;Are you a producer?&#8221; use_theme_fonts=&#8221;yes&#8221; el_class=&#8221;pfe-small2&#8243;][vc_column_text]If you grow poinsettias and would like to get involved in the campaign, get in touch.<\/p>\n<p><strong>Stars for Europe Communications Manager,<\/strong><br \/>\nHannah Dunne,<br \/>\n<strong>Tel:<\/strong> +44 7533 076185<br \/>\n<strong>Email:<\/strong> <a href=\"mailto:communication@org-intern.info\">communication@org-intern.info<\/a><\/p>\n<p><a href=\"https:\/\/christmas-star.info\/pos-material\/\">Find contact person in my country &gt;&gt;<\/a>[\/vc_column_text][\/vc_column][vc_column width=&#8221;1\/2&#8243;][vc_single_image image=&#8221;5161&#8243; img_size=&#8221;full&#8221;][\/vc_column][\/vc_row][vc_row el_class=&#8221;pfe-flexibel-abstand&#8221;][vc_column][vc_empty_space height=&#8221;50px&#8221;][\/vc_column][\/vc_row][vc_row][vc_column width=&#8221;1\/2&#8243;][vc_custom_heading text=&#8221;Tud\u00e1scsere&#8221; use_theme_fonts=&#8221;yes&#8221; el_class=&#8221;pfe-small2&#8243;][vc_column_text]Szeretne \u00faj, \u00e9rt\u00e9kes ismereteket szerezni az ipar\u00e1g\u00e1r\u00f3l? Az SfE a kutat\u00e1s k\u00fcl\u00f6nb\u00f6z\u0151 form\u00e1it v\u00e9gzi a fogyaszt\u00f3i piacelemz\u00e9st\u0151l a termel\u00e9si m\u00f3dszerekre \u00e9s a fenntarthat\u00f3s\u00e1gra vonatkoz\u00f3 felm\u00e9r\u00e9sekig. Tervezz\u00fck, hogy a j\u00f6v\u0151ben kib\u0151v\u00edtj\u00fck ezt a lehet\u0151s\u00e9get, \u00e9s el\u0151seg\u00edtj\u00fck a termel\u0151k k\u00f6z\u00f6tti tud\u00e1scser\u00e9t. Vegye fel vel\u00fcnk a kapcsolatot, hogy r\u00e9sze lehessen h\u00e1l\u00f3zatunknak. A h\u00edrlev\u00e9lre t\u00f6rt\u00e9n\u0151 feliratkoz\u00e1ssal pedig legyen naprak\u00e9sz a legfrissebb h\u00edrekkel kapcsolatban!<\/p>\n<p><a href=\"\/hu\/kapcsolat\/\">Megkeresem a kapcsolattart\u00f3mat &gt;&gt;<\/a><\/p>\n<p><a href=\"https:\/\/mailchi.mp\/7c03187f3781\/starsforeurope\">Feliratkozom a h\u00edrlev\u00e9lre! &gt;&gt;<\/a>[\/vc_column_text][\/vc_column][vc_column width=&#8221;1\/2&#8243;][vc_single_image image=&#8221;5167&#8243; img_size=&#8221;full&#8221;][\/vc_column][\/vc_row][vc_row el_class=&#8221;pfe-flexibel-abstand&#8221;][vc_column][vc_empty_space height=&#8221;50px&#8221;][\/vc_column][\/vc_row][vc_row][vc_column][vc_custom_heading text=&#8221;\u00c1gazati referenci\u00e1k&#8221; use_theme_fonts=&#8221;yes&#8221; el_class=&#8221;pfe-small&#8221;][vc_row_inner][vc_column_inner el_class=&#8221;ho&#8221; width=&#8221;1\/4&#8243;][vc_column_text]<strong>Mrs. Esslin,<\/strong><br \/>\n<strong>1a Garten Ensslin, N\u00e9metorsz\u00e1g<\/strong><br \/>\n&#8222;Nagy \u00f6r\u00f6mmel haszn\u00e1lom a Stars for Europe prom\u00f3ci\u00f3s anyagok. Remek \u00e1ron \u00e9rhet\u0151k el, \u00e9s gy\u00f6ny\u00f6r\u0171 kidolgozottak. A v\u00e1s\u00e1rl\u00f3ink sz\u00edvesen visznek a rekl\u00e1manyagokb\u00f3l, hiszen amellett, hogy sz\u00e9pek, a rajtuk szerepl\u0151 gondoz\u00e1si utas\u00edt\u00e1sok is nagyon hasznosak.&#8221;[\/vc_column_text][\/vc_column_inner][vc_column_inner width=&#8221;1\/4&#8221;][vc_column_text]<strong>Anna Kaszewiak,<\/strong><br \/>\n<strong>Marketing szak\u00e9rt\u0151,<br \/>\nnagykereskedelmi piac Bronisze,<br \/>\nLengyelorsz\u00e1g<\/strong><br \/>\n&#8222;A Stars for Europe kamp\u00e1nynak k\u00f6sz\u00f6nhet\u0151en \u00e9rdekes, k\u00fcl\u00f6nleges csokrokkal \u00e9s egyedi felhaszn\u00e1ll\u00e1si praktik\u00e1kkal inspir\u00e1l\u00f3dhatunk. A csatorn\u00e1kon kereszt\u00fcl mutatott min\u0151s\u00e9g nagyon magas.&#8221;[\/vc_column_text][\/vc_column_inner][vc_column_inner width=&#8221;1\/4&#8221;][vc_column_text]<strong>Reiner H\u00f6pken, eln\u00f6k,<br \/>\nKiskereskedelmi Sz\u00f6vets\u00e9g, N\u00e9metorsz\u00e1g<\/strong><br \/>\n&#8222;Az SfE kiv\u00e1l\u00f3 t\u00e1mogat\u00e1st ny\u00fajt a termel\u0151knek \u00e9s a keresked\u0151knek egyar\u00e1nt. A kamp\u00e1ny seg\u00edts\u00e9g\u00e9vel, ak\u00e1r a PR-ban, ak\u00e1r a kiskeresked\u0151knek sz\u00e1nt prom\u00f3ci\u00f3s anyagok, a mikul\u00e1svir\u00e1got kiv\u00e1l\u00f3 min\u0151s\u00e9g\u0171 term\u00e9kk\u00e9nt poz\u00edcion\u00e1lj\u00e1k, ami aj\u00e1nd\u00e9kk\u00e9nt \u00e9s lak\u00e1sd\u00edszk\u00e9nt is meg\u00e1llja a hely\u00e9t.\u201d[\/vc_column_text][\/vc_column_inner][vc_column_inner width=&#8221;1\/4&#8221;][vc_column_text]<strong>Caroline Marshall-Foster,<\/strong><br \/>\n<strong>vez\u00e9rigazgat\u00f3, The Florist Magazine \u00e9s Good Florist Guide, Egyes\u00fclt Kir\u00e1lys\u00e1g<br \/>\n<\/strong>&#8222;A mikul\u00e1svir\u00e1gok m\u00e1r r\u00e9g elvesztett\u00e9k a nagymama im\u00e1zsukat, \u00e9s a v\u00e1s\u00e1rl\u00f3k egy izgalmas \u00faj gener\u00e1ci\u00f3ja van jelen. Ez a kamp\u00e1ny sokkal k\u00f6nnyebb\u00e9 teszi az \u00faj elad\u00e1sok el\u00e9r\u00e9s\u00e9t.&#8221;[\/vc_column_text][\/vc_column_inner][\/vc_row_inner][\/vc_column][\/vc_row][vc_row el_class=&#8221;pfe-flexibel-abstand&#8221;][vc_column][vc_empty_space height=&#8221;50px&#8221;][\/vc_column][\/vc_row][vc_row el_class=&#8221;pfe-greenborderbox&#8221;][vc_column width=&#8221;2\/3&#8243;][vc_single_image image=&#8221;5169&#8243; img_size=&#8221;full&#8221;][\/vc_column][vc_column width=&#8221;1\/3&#8243;][vc_custom_heading text=&#8221;Termeszt\u0151knek?&#8221; use_theme_fonts=&#8221;yes&#8221; el_class=&#8221;pfe-small&#8221;][vc_column_text css=&#8221;&#8221;]Ha mikul\u00e1svir\u00e1g termeszt\u0151k\u00e9nt r\u00e9szt szeretne venni a kamp\u00e1nyunkban, vegye fel vel\u00fcnk a kapcsolatot az al\u00e1bbi el\u00e9rhet\u0151s\u00e9gek valamelyik\u00e9n:<\/p>\n<p><strong>Stars for Europe kommunik\u00e1ci\u00f3s vezet\u0151,<\/strong><br \/>\nHelena Ebrahimi<br \/>\nEmail: <a href=\"mailto:Helena@greenmarketingeurope.eu\">Helena@greenmarketingeurope.eu<\/a>[\/vc_column_text][vc_column_text]<a href=\"\/hu\/kapcsolat\/\">Megkeresem a kapcsolattart\u00f3mat\u00a0 &gt;&gt;<\/a>[\/vc_column_text][\/vc_column][\/vc_row]<\/p><\/div><div class=\"acf-fields-container\" data-post-id=\"655\" data-canto-acf=\"true\"><\/div><style>\r\n        .acf-fields-container {\r\n            margin: 2em 0;\r\n            width: 100%;\r\n            clear: both;\r\n        }\r\n        .acf-field-image {\r\n            margin: 1.5em 0;\r\n            position: relative;\r\n        }\r\n        .acf-field-label {\r\n            margin-bottom: 1em;\r\n        }\r\n        .acf-image {\r\n            max-width: 100%;\r\n            height: auto;\r\n            display: block;\r\n            margin: 1em 0;\r\n        }\r\n    <\/style>","protected":false},"excerpt":{"rendered":"<p>[vc_row][vc_column][vc_custom_heading text=&#8221;Seg\u00edt\u00fcnk a mikul\u00e1svir\u00e1g elad\u00e1sainak n\u00f6vel\u00e9s\u00e9ben&#8221; font_container=&#8221;tag:h2|text_align:center&#8221; use_theme_fonts=&#8221;yes&#8221; el_class=&#8221;pfe-small2&#8243; el_id=&#8221;segitunk-a-mikulasvirag&#8221;][vc_column_text] Nagyszab\u00e1s\u00fa PR- \u00e9s marketingkamp\u00e1nyainkkal minden \u00e9vben fogyaszt\u00f3k milli\u00f3it \u00e9rj\u00fck el, \u00e9s k\u00f6zvetlen\u00fcl a v\u00e9gfelhaszn\u00e1l\u00f3knak n\u00e9pszer\u0171s\u00edtj\u00fck az \u00d6n term\u00e9k\u00e9t. Ezen az oldalon t\u00f6bbet megtudhat arr\u00f3l, mit tesz\u00fcnk az \u00d6n munk\u00e1j\u00e1nak seg\u00edt\u00e9s\u00e9re. Elmondjuk azt is, hogyan profit\u00e1lhat szem\u00e9lyesen a munk\u00e1nkb\u00f3l: ak\u00e1r sajt\u00f3interj\u00fakhoz felk\u00e9rt szak\u00e9rt\u0151k\u00e9nt, ak\u00e1r fot\u00f3ink, \u00edrott [&hellip;]<\/p>\n","protected":false},"author":1,"featured_media":5157,"parent":0,"menu_order":0,"comment_status":"closed","ping_status":"closed","template":"template-parts\/pfe-trade.php","meta":{"_acf_changed":false,"footnotes":""},"class_list":["post-655","page","type-page","status-publish","has-post-thumbnail","hentry"],"acf":[],"_links":{"self":[{"href":"https:\/\/sfe-trade.com\/hu\/wp-json\/wp\/v2\/pages\/655","targetHints":{"allow":["GET"]}}],"collection":[{"href":"https:\/\/sfe-trade.com\/hu\/wp-json\/wp\/v2\/pages"}],"about":[{"href":"https:\/\/sfe-trade.com\/hu\/wp-json\/wp\/v2\/types\/page"}],"author":[{"embeddable":true,"href":"https:\/\/sfe-trade.com\/hu\/wp-json\/wp\/v2\/users\/1"}],"replies":[{"embeddable":true,"href":"https:\/\/sfe-trade.com\/hu\/wp-json\/wp\/v2\/comments?post=655"}],"version-history":[{"count":159,"href":"https:\/\/sfe-trade.com\/hu\/wp-json\/wp\/v2\/pages\/655\/revisions"}],"predecessor-version":[{"id":7273,"href":"https:\/\/sfe-trade.com\/hu\/wp-json\/wp\/v2\/pages\/655\/revisions\/7273"}],"wp:featuredmedia":[{"embeddable":true,"href":"https:\/\/sfe-trade.com\/hu\/wp-json\/wp\/v2\/media\/5157"}],"wp:attachment":[{"href":"https:\/\/sfe-trade.com\/hu\/wp-json\/wp\/v2\/media?parent=655"}],"curies":[{"name":"wp","href":"https:\/\/api.w.org\/{rel}","templated":true}]}}